{"id":2188,"date":"2022-01-21T12:38:03","date_gmt":"2022-01-21T11:38:03","guid":{"rendered":"https:\/\/elegance-boutique.ch\/home\/"},"modified":"2025-10-14T15:17:13","modified_gmt":"2025-10-14T13:17:13","slug":"home","status":"publish","type":"page","link":"https:\/\/www.elegance-boutique.ch\/de\/","title":{"rendered":"Home"},"content":{"rendered":"<section class=\"hero\">\n        <img decoding=\"async\" src=\"https:\/\/www.elegance-boutique.ch\/wp-content\/uploads\/2023\/03\/elegance-boutique-banniere-homepage.jpg\" alt=\"Esth\u00e9ticienne en train d'utiliser une machine \u00e0 \u00e9pilation laser\">\n    <div class=\"container\">\n        <div class=\"hero--content\">\n            <h1 class=\"title\">Kosmetikger\u00e4te f\u00fcr Institute<\/h1>\n                            <!-- <button class=\"btn--solid btn--white w-arrow\"> -->\n                <a class=\"btn--solid btn--white w-arrow\" href=\"https:\/\/www.elegance-boutique.ch\/de\/unsere-kosmetikgeraete\/\" target=\"\">\n                    Unsere Kosmetikger\u00e4te                <\/a>\n                <!-- <\/button> -->\n                    <\/div>\n    <\/div>\n<\/section>\n\n\n<div style=\"height:50px\" aria-hidden=\"true\" class=\"wp-block-spacer\"><\/div>\n\n\n\n<section class=\"location-machine\">\n  <div class=\"first-content\">\n    <h2> Was bietet Elegance Boutique? <\/h2>\n    <p>Der Weg von Elegance Boutique begann mit der Er\u00f6ffnung von Sch\u00f6nheitsinstituten, bevor wir die Gelegenheit nutzten, in hochmoderne professionelle Ger\u00e4te zu investieren. Daraufhin erweiterten wir unser Dienstleistungsangebot, indem wir diese Hightech-Maschinen bestellten. Mittlerweile umfasst unser Sortiment mehr als acht Ger\u00e4te, sodass wir unser Dienstleistungsangebot erweitern und den Bed\u00fcrfnissen von Kosmetikerinnen und \u00c4rzten gerecht werden k\u00f6nnen.\r\n\r\nAngesichts dieser Entwicklung haben wir uns entschieden, diese Ger\u00e4te allen Kosmetikinstituten zur Verf\u00fcgung zu stellen und ihnen die M\u00f6glichkeit zu geben, ihr Angebot mit modernen Ger\u00e4ten zu sehr wettbewerbsf\u00e4higen Preisen zu erweitern.\r\n\r\nDie Bedienung dieser Ger\u00e4te ist vereinfacht, und wir bei Elegance Boutique freuen uns, sie Ihnen pr\u00e4sentieren zu k\u00f6nnen. Unser Grundsatz lautet: \u201eErst testen, dann kaufen\u201c. Wir m\u00f6chten Sie ermutigen, bei allen Fragen das Fachwissen unseres Teams zu nutzen, da sie diese Maschinen t\u00e4glich betreiben.<\/p>\n  <\/div>\n  <div class=\"listes\">\n            <div class=\"liste-items\">\n          <div class=\"img--container\">\n                        <img decoding=\"async\" src=\"https:\/\/www.elegance-boutique.ch\/wp-content\/uploads\/2022\/02\/check.svg\" alt=\"\">\n          <\/div>\n          <div class=\"txt--container\">\n                          <h3>CHRN-zertifiziert<\/h3>\n                        <p><\/p>\n          <\/div>\n        <\/div>\n            <div class=\"liste-items\">\n          <div class=\"img--container\">\n                        <img decoding=\"async\" src=\"https:\/\/www.elegance-boutique.ch\/wp-content\/uploads\/2022\/02\/check.svg\" alt=\"\">\n          <\/div>\n          <div class=\"txt--container\">\n                          <h3>CE-zertifizierte Ger\u00e4te<\/h3>\n                        <p><\/p>\n          <\/div>\n        <\/div>\n      <\/div>\n<\/section>\n\n<section class=\"home--product\">\n    <div class=\"container\">\n        <div class=\"header\">\n            <h2 class=\"title\"> Unsere Ger\u00e4te<\/h2>\n                        <div class=\"product--list\">\n                <button data-filter=\"*\" class=\"btn--filter is-checked\">\n                    Toutes\n                <\/button>\n                                    <button data-filter=\"body-sculpt-de\" class=\"btn--filter\">Body Sculpt<\/button>\n                            <\/div>\n        <\/div>\n                        <div class=\"home--product--item  \">\n                                            <div class=\"new--container\">\n                            New                        <\/div>\n                    \n                    <div class=\"product-img-container\">\n                        <!-- <img decoding=\"async\" src=\"\" class=\"product-img\"> -->\n                                                                                    <div class=\"img--container\">\n                                    <img decoding=\"async\" src=\"https:\/\/www.elegance-boutique.ch\/wp-content\/uploads\/2024\/12\/LV-8-epilation-laser-premium-Logo-Elegance-e1736935514861.png\" alt=\"LV-8 e\u0301pilation laser premium\" \/>\n                                <\/div>\n                                                                        <\/div>\n                    <div class=\"product-desc-container\">\n                        <h3 class=\"product-title\">\n                            Diodenlaser 808 LV-8                        <\/h3>\n                        <p class=\"product-desc\">\n                            Der Diodenlaser LV-8 ist mit hochwertigen Komponenten und einer intelligenten Schnittstelle ausgestattet und garantiert optimale Ergebnisse bei allen Haut- und Haartypen.                        <\/p>\n                        <p class=\"product-pricing\">\n                            <span class=\"start-price\">\n                                Ab                                525.- pro monat                            <\/span>\n                        <\/p>\n                        <!-- <button > -->\n                        <a class=\"btn--solid btn--blue w-arrow\" href=\"https:\/\/www.elegance-boutique.ch\/de\/machine\/laser-diode-808-lv-8\/\" target=\"_blank\">\n                            Mehr erfahren                        <\/a>\n                        <!-- <\/button> -->\n                    <\/div>\n                <\/div>\n                        <div class=\"home--product--item  reverse\">\n                                            <div class=\"new--container\">\n                            New                        <\/div>\n                    \n                    <div class=\"product-img-container\">\n                        <!-- <img decoding=\"async\" src=\"\" class=\"product-img\"> -->\n                                                                                    <div class=\"img--container\">\n                                    <img decoding=\"async\" src=\"https:\/\/www.elegance-boutique.ch\/wp-content\/uploads\/2024\/12\/LV-8-epilation-laser-premium-Logo-Elegance-e1736935514861.png\" alt=\"LV-8 e\u0301pilation laser premium\" \/>\n                                <\/div>\n                                                                        <\/div>\n                    <div class=\"product-desc-container\">\n                        <h3 class=\"product-title\">\n                            Diodenlaser 4 Wellenl\u00e4ngen LV-8                        <\/h3>\n                        <p class=\"product-desc\">\n                            Der Multiwellenl\u00e4ngen-Diodenlaser (755, 808, 940 und 1064 nm) ist eine fortschrittliche Technologie, die entwickelt wurde, um aussergew\u00f6hnliche Ergebnisse bei der dauerhaften Haarentfernung zu erzielen. Diese innovative L\u00f6sung erf\u00fcllt die Anforderungen der anspruchsvollsten Profis, indem sie Vielseitigkeit, Effizienz und Sicherheit f\u00fcr alle Haut- und Haartypen vereint.                        <\/p>\n                        <p class=\"product-pricing\">\n                            <span class=\"start-price\">\n                                Ab                                587.- pro monat                            <\/span>\n                        <\/p>\n                        <!-- <button > -->\n                        <a class=\"btn--solid btn--blue w-arrow\" href=\"https:\/\/www.elegance-boutique.ch\/de\/machine\/laser-diode-4-wellenlaengen-lv-8\/\" target=\"_blank\">\n                            Mehr erfahren                        <\/a>\n                        <!-- <\/button> -->\n                    <\/div>\n                <\/div>\n                        <div class=\"home--product--item  \">\n                                            <div class=\"new--container\">\n                            New                        <\/div>\n                    \n                    <div class=\"product-img-container\">\n                        <!-- <img decoding=\"async\" src=\"\" class=\"product-img\"> -->\n                                                                                    <div class=\"img--container\">\n                                    <img decoding=\"async\" src=\"https:\/\/www.elegance-boutique.ch\/wp-content\/uploads\/2024\/08\/Laser-Pico-Compact-Detatouage-e1724406670827.jpeg\" alt=\"Laser Pico Compact D\u00e9tatouage\" \/>\n                                <\/div>\n                                                                        <\/div>\n                    <div class=\"product-desc-container\">\n                        <h3 class=\"product-title\">\n                            Laser Nano Compact Tattooentfernung                        <\/h3>\n                        <p class=\"product-desc\">\n                            Entdecken Sie unseren kompakten Nano Laser, der speziell f\u00fcr Kosmetikerinnen entwickelt wurde, die Tattooentfernung von Permanent Make-up, kleine T\u00e4towierungen und Hautbehandlungen wie Carbon Peel anbieten m\u00f6chten.\nDieser hochpr\u00e4zise Laser ist perfekt geeignet, um die Pigmente effektiv zu treffen und gleichzeitig die Risiken f\u00fcr die Haut zu minimieren.\nDank seiner kompakten Gr\u00f6sse ist er ideal f\u00fcr Kosmetikstudios, die ihr Dienstleistungsangebot mit einem leistungsstarken und sehr erschwinglichen Ger\u00e4t erweitern m\u00f6chten.                          <\/p>\n                        <p class=\"product-pricing\">\n                            <span class=\"start-price\">\n                                Ab                                250.- pro monat                            <\/span>\n                        <\/p>\n                        <!-- <button > -->\n                        <a class=\"btn--solid btn--blue w-arrow\" href=\"https:\/\/www.elegance-boutique.ch\/de\/machine\/laser-nano-compact-tattooentfernung\/\" target=\"_blank\">\n                            Mehr erfahren                        <\/a>\n                        <!-- <\/button> -->\n                    <\/div>\n                <\/div>\n                        <div class=\"home--product--item  reverse\">\n                                            <div class=\"new--container\">\n                            New                        <\/div>\n                    \n                    <div class=\"product-img-container\">\n                        <!-- <img decoding=\"async\" src=\"\" class=\"product-img\"> -->\n                                                                                    <div class=\"img--container\">\n                                    <img decoding=\"async\" src=\"https:\/\/www.elegance-boutique.ch\/wp-content\/uploads\/2024\/10\/Onda-Dinamica-Body-Shaper.jpeg\" alt=\"Onda Dinamica Body Shaper\" \/>\n                                <\/div>\n                                                                        <\/div>\n                    <div class=\"product-desc-container\">\n                        <h3 class=\"product-title\">\n                            Onda Dinamica Body Shaper                        <\/h3>\n                        <p class=\"product-desc\">\n                            Die umfassendste Anti-Cellulite-, remodellierende und straffende Technologie auf dem Markt.                        <\/p>\n                        <p class=\"product-pricing\">\n                            <span class=\"start-price\">\n                                Ab                                Preis auf Anfrage pro monat                            <\/span>\n                        <\/p>\n                        <!-- <button > -->\n                        <a class=\"btn--solid btn--blue w-arrow\" href=\"https:\/\/www.elegance-boutique.ch\/de\/machine\/onda-dinamica-body-shaper\/\" target=\"_blank\">\n                            Mehr erfahren                        <\/a>\n                        <!-- <\/button> -->\n                    <\/div>\n                <\/div>\n                        <div class=\"home--product--item  \">\n                                            <div class=\"new--container\">\n                            New                        <\/div>\n                    \n                    <div class=\"product-img-container\">\n                        <!-- <img decoding=\"async\" src=\"\" class=\"product-img\"> -->\n                                                                                    <div class=\"img--container\">\n                                    <img decoding=\"async\" src=\"https:\/\/www.elegance-boutique.ch\/wp-content\/uploads\/2024\/10\/Onda-Dinamica-LiftShape.jpeg\" alt=\"Onda Dinamica Lift&#038;Shape\" \/>\n                                <\/div>\n                                                                        <\/div>\n                    <div class=\"product-desc-container\">\n                        <h3 class=\"product-title\">\n                            Onda Dinamica Lift &amp; Shape                        <\/h3>\n                        <p class=\"product-desc\">\n                            Onda Dinamica tonisiert, revitalisiert und remodelliert die Haut von Gesicht, Hals und Dekollet\u00e9 und reduziert dauerhaft Falten, Festigkeitsverlust und Unregelm\u00e4\u00dfigkeiten f\u00fcr eine sichtbar verj\u00fcngte und versch\u00f6nerte Haut.                        <\/p>\n                        <p class=\"product-pricing\">\n                            <span class=\"start-price\">\n                                Ab                                Preis auf Anfrage pro monat                            <\/span>\n                        <\/p>\n                        <!-- <button > -->\n                        <a class=\"btn--solid btn--blue w-arrow\" href=\"https:\/\/www.elegance-boutique.ch\/de\/machine\/onda-dinamica-lift-shape\/\" target=\"_blank\">\n                            Mehr erfahren                        <\/a>\n                        <!-- <\/button> -->\n                    <\/div>\n                <\/div>\n                        <div class=\"home--product--item  reverse\">\n                                            <div class=\"new--container\">\n                            New                        <\/div>\n                    \n                    <div class=\"product-img-container\">\n                        <!-- <img decoding=\"async\" src=\"\" class=\"product-img\"> -->\n                                                                                    <div class=\"img--container\">\n                                    <img decoding=\"async\" src=\"https:\/\/www.elegance-boutique.ch\/wp-content\/uploads\/2024\/06\/Sinepil.png\" alt=\"Machine \u00e9pilation el\u00e9ctrique Sinepil\" \/>\n                                <\/div>\n                                                                        <\/div>\n                    <div class=\"product-desc-container\">\n                        <h3 class=\"product-title\">\n                            Sinepil                        <\/h3>\n                        <p class=\"product-desc\">\n                            Das Sinepil-Ger\u00e4t bietet eine breite und vielseitige Palette an Frequenzen und Stromst\u00e4rken f\u00fcr eine sanfte und effektive elektrische Haarentfernung in allen Bereichen des Gesichts und des K\u00f6rpers.                        <\/p>\n                        <p class=\"product-pricing\">\n                            <span class=\"start-price\">\n                                Ab                                250.- pro monat                            <\/span>\n                        <\/p>\n                        <!-- <button > -->\n                        <a class=\"btn--solid btn--blue w-arrow\" href=\"https:\/\/www.elegance-boutique.ch\/de\/machine\/sinepil\/\" target=\"_blank\">\n                            Mehr erfahren                        <\/a>\n                        <!-- <\/button> -->\n                    <\/div>\n                <\/div>\n                        <div class=\"home--product--item  \">\n                    \n                    <div class=\"product-img-container\">\n                        <!-- <img decoding=\"async\" src=\"\" class=\"product-img\"> -->\n                                                                                    <div class=\"img--container\">\n                                    <img decoding=\"async\" src=\"https:\/\/www.elegance-boutique.ch\/wp-content\/uploads\/2022\/02\/hydraface-elegance-boutique-machine-esthetique-2.png\" alt=\"Machine esth\u00e9tique hydraface\" \/>\n                                <\/div>\n                                                                        <\/div>\n                    <div class=\"product-desc-container\">\n                        <h3 class=\"product-title\">\n                            Hydraface HF-9                        <\/h3>\n                        <p class=\"product-desc\">\n                            Hydraface ist eine Pflege, die mithilfe eines einzigartigen patentierten Systems die Haut gr\u00fcndlich reinigt, peelt und alle Unreinheiten aus ihr herauszieht.                        <\/p>\n                        <p class=\"product-pricing\">\n                            <span class=\"start-price\">\n                                Ab                                214.- pro monat                            <\/span>\n                        <\/p>\n                        <!-- <button > -->\n                        <a class=\"btn--solid btn--blue w-arrow\" href=\"https:\/\/www.elegance-boutique.ch\/de\/machine\/hydraface-hf-9\/\" target=\"_blank\">\n                            Mehr erfahren                        <\/a>\n                        <!-- <\/button> -->\n                    <\/div>\n                <\/div>\n                        <div class=\"home--product--item body-sculpt-de reverse\">\n                                            <div class=\"new--container\">\n                            New                        <\/div>\n                    \n                    <div class=\"product-img-container\">\n                        <!-- <img decoding=\"async\" src=\"\" class=\"product-img\"> -->\n                                                                                    <div class=\"img--container\">\n                                    <img decoding=\"async\" src=\"https:\/\/www.elegance-boutique.ch\/wp-content\/uploads\/2023\/03\/photo-i-shape-elegance-boutique.png\" alt=\"Photo d'une femme en train d'utiliser son appareil I-Shape et de g\u00e9rer les r\u00e9glages sur un \u00e9cran tactile.\" \/>\n                                <\/div>\n                                                                        <\/div>\n                    <div class=\"product-desc-container\">\n                        <h3 class=\"product-title\">\n                            I-Model IM-6                        <\/h3>\n                        <p class=\"product-desc\">\n                            I-Model erm\u00f6glicht sofortige und dauerhafte Ergebnisse bei Behandlungen zum Fettabbau, zur Straffung, zur Muskelregeneration, zur Rehabilitation und zur Hautverj\u00fcngung.                        <\/p>\n                        <p class=\"product-pricing\">\n                            <span class=\"start-price\">\n                                Ab                                272.- pro monat                            <\/span>\n                        <\/p>\n                        <!-- <button > -->\n                        <a class=\"btn--solid btn--blue w-arrow\" href=\"https:\/\/www.elegance-boutique.ch\/de\/machine\/i-model-im-6\/\" target=\"_blank\">\n                            Mehr erfahren                        <\/a>\n                        <!-- <\/button> -->\n                    <\/div>\n                <\/div>\n                        <div class=\"home--product--item body-sculpt-de \">\n                    \n                    <div class=\"product-img-container\">\n                        <!-- <img decoding=\"async\" src=\"\" class=\"product-img\"> -->\n                                                                                    <div class=\"img--container\">\n                                    <img decoding=\"async\" src=\"https:\/\/www.elegance-boutique.ch\/wp-content\/uploads\/2022\/02\/Body-Sculpt-BS-1.png\" alt=\"Body Sculpt machine\" \/>\n                                <\/div>\n                                                                        <\/div>\n                    <div class=\"product-desc-container\">\n                        <h3 class=\"product-title\">\n                            Body Sculpt BS-2                        <\/h3>\n                        <p class=\"product-desc\">\n                            Dieses revolution\u00e4re Verfahren erzeugt die sogenannte &#8222;Supramaximale&#8220; Muskelkontraktionen. Diese starke Stimulierungen wirken tief und bringen das Muskelgewebe zum Reagieren: er passt sich an und reorganisiert sich. Auf diese Weise wird Fett abgebaut und die Muskelmasse gest\u00e4rkt. Zerst\u00f6rt durch die intensive elektromagnetische Aktivit\u00e4t, werden die Fettzellen in den Wochen nach der Behandlung nach und nach vom K\u00f6rper abgebaut.                        <\/p>\n                        <p class=\"product-pricing\">\n                            <span class=\"start-price\">\n                                Ab                                356.- pro monat                            <\/span>\n                        <\/p>\n                        <!-- <button > -->\n                        <a class=\"btn--solid btn--blue w-arrow\" href=\"https:\/\/www.elegance-boutique.ch\/de\/machine\/body-sculpt-bs-2\/\" target=\"_blank\">\n                            Mehr erfahren                        <\/a>\n                        <!-- <\/button> -->\n                    <\/div>\n                <\/div>\n        \n    <\/div>\n<\/section>\n\n\n<section class=\"banner\">\n    <div class=\"banner--grid\">\n        <div class=\"img--container\">\n                        <img decoding=\"async\" src=\"https:\/\/www.elegance-boutique.ch\/wp-content\/uploads\/2022\/01\/female-customer-support-operator-with-headset-smiling-copy.png\" alt=\"\">\n        <\/div>\n        <div class=\"txt--container\">\n            <p class=\"content\">\n                Berechnen Sie Ihre Finanzierung\r\nganz einfach mit unserem Rechner            <\/p>\n                            <!-- <button > -->\n                <a class=\"btn--solid btn--white w-arrow\" href=\"https:\/\/www.elegance-boutique.ch\/de\/finanzierung\/\" target=\"\">\n                    Zugang zum Rechner                <\/a>\n                <!-- <\/button> -->\n                    <\/div>\n    <\/div>\n<\/section>\n\n<section class=\"location\">\n    <div class=\"container\">\n        <div class=\"location--grid\">\n            <div class=\"txt--container\">\n                <h2 class=\"title\">\n                    Maschinen mieten                <\/h2>\n                <p class=\"content\">\n                    Z\u00f6gern Sie, eine Maschine zu kaufen?\r\n\r\nTesten Sie unsere Maschinen, indem Sie sie mieten!                <\/p>\n                                    <!-- <button > -->\n                    <a class=\"btn--solid w-arrow btn--blue\" href=\"https:\/\/www.elegance-boutique.ch\/de\/dienste\/\" target=\"\">\n                        Unsere Maschinen mieten                    <\/a>\n                    <!-- <\/button> -->\n                            <\/div>\n            <div class=\"img--container\">\n                                <img decoding=\"async\" src=\"\" alt=\"\">\n            <\/div>\n        <\/div>\n    <\/div>\n<\/section>\n\n<section class=\"map\">\n    <div class=\"container\">\n        <div class=\"map--grid\">\n            <div class=\"map--left\">\n                \t\t\t\t<img decoding=\"async\" class=\"map--img\" src=\"\" alt=\"\" >\n            <\/div>\n            <div class=\"map--right\">\n                <h2 class=\"title\">\n                    Showroom in Luzern\n                <\/h2>\n                <p class=\"content\">\n                    Besuchen Sie unseren Showroom in Luzern. Finden Sie dort alle unsere Produkte und Maschinen!                <\/p>\n                <div class=\"list\">\n                                                <div class=\"list--item\">\n                                <div class=\"list--header\">\n                                                                        <img decoding=\"async\" src=\"https:\/\/www.elegance-boutique.ch\/wp-content\/uploads\/2022\/02\/phone-icon.svg\" alt=\"\">\n                                <\/div>\n                                <div class=\"list--body\">\n                                    <p class=\"list--title\">\n                                        Telefon                                    <\/p>\n                                    <p class=\"list--content\">\n                                        <a href=\"tel:+41782613361\">+41 78 261 33 61<\/a>                                    <\/p>\n                                <\/div>\n                            <\/div>\n                                                <div class=\"list--item\">\n                                <div class=\"list--header\">\n                                                                        <img decoding=\"async\" src=\"https:\/\/www.elegance-boutique.ch\/wp-content\/uploads\/2022\/02\/mail-icon.svg\" alt=\"\">\n                                <\/div>\n                                <div class=\"list--body\">\n                                    <p class=\"list--title\">\n                                        Email                                    <\/p>\n                                    <p class=\"list--content\">\n                                        <a href=\"mailto:info@eternalyouth.ch\">info@eternalyouth.ch<\/a>                                    <\/p>\n                                <\/div>\n                            <\/div>\n                                                <div class=\"list--item\">\n                                <div class=\"list--header\">\n                                                                        <img decoding=\"async\" src=\"https:\/\/www.elegance-boutique.ch\/wp-content\/uploads\/2022\/02\/map-icon.svg\" alt=\"\">\n                                <\/div>\n                                <div class=\"list--body\">\n                                    <p class=\"list--title\">\n                                        Adresse                                    <\/p>\n                                    <p class=\"list--content\">\n                                        Schwanenpl. 4<br>\r\n6004 Luzern, Schweiz                                    <\/p>\n                                <\/div>\n                            <\/div>\n                                    <\/div>\n            <\/div>\n        <\/div>\n                    <div class=\"map--banner\">\n                <div class=\"txt--container\">\n                    <p>\n                        Oder kontaktieren Sie uns direkt!                    <\/p>\n                <\/div>\n                <div class=\"btn--container\">\n                                            <!-- <button> -->\n                        <a class=\"btn--solid btn--white w-arrow\" href=\"https:\/\/www.elegance-boutique.ch\/de\/kontakt\/\" target=\"\">\n                            Kontaktieren Sie uns                        <\/a>\n                        <!-- <\/button> -->\n                                    <\/div>\n            <\/div>\n            <\/div>\n<\/section>\n\n<section class=\"banner\">\n    <div class=\"banner--grid\">\n        <div class=\"img--container\">\n                        <img decoding=\"async\" src=\"https:\/\/www.elegance-boutique.ch\/wp-content\/uploads\/2023\/12\/swiss-elegance-logo-favicon.png\" alt=\"\">\n        <\/div>\n        <div class=\"txt--container\">\n            <p class=\"content\">\n                Entdecken Sie unsere Maschinen in Frankreich! Wir expandieren und erreichen den franz\u00f6sischen Markt            <\/p>\n                            <!-- <button > -->\n                <a class=\"btn--solid btn--white w-arrow\" href=\"https:\/\/swiss-elegance.fr\/\" target=\"_blank\">\n                    Eleganz in Frankreich                <\/a>\n                <!-- <\/button> -->\n                    <\/div>\n    <\/div>\n<\/section>\n\n<section class=\"banner\">\n    <div class=\"banner--grid\">\n        <div class=\"img--container\">\n                        <img decoding=\"async\" src=\"\" alt=\"\">\n        <\/div>\n        <div class=\"txt--container\">\n            <p class=\"content\">\n                Dasselbe gilt f\u00fcr Belgien! Entdecken Sie unsere belgische Seite!            <\/p>\n                            <!-- <button > -->\n                <a class=\"btn--solid btn--white w-arrow\" href=\"https:\/\/www.elegance-boutique.be\" target=\"_blank\">\n                    Eleganz in Belgien                <\/a>\n                <!-- <\/button> -->\n                    <\/div>\n    <\/div>\n<\/section>\n\n<section class=\"testimony\">\n    <div class=\"container\">\n        <h2 class=\"title\">\n            Sie tragen zu unserem Erfolg bei        <\/h2>\n        <div class=\"testimony--grid\">\n                                <div class=\"card--testimony\">\n                        <div class=\"card--header\">\n                            <img loading=\"lazy\" decoding=\"async\" width=\"768\" height=\"1024\" src=\"https:\/\/www.elegance-boutique.ch\/wp-content\/uploads\/2022\/03\/dacosta.jpeg\" class=\"attachment-post-thumbnail size-post-thumbnail wp-post-image\" alt=\"\" srcset=\"https:\/\/www.elegance-boutique.ch\/wp-content\/uploads\/2022\/03\/dacosta.jpeg 768w, https:\/\/www.elegance-boutique.ch\/wp-content\/uploads\/2022\/03\/dacosta-225x300.jpeg 225w, https:\/\/www.elegance-boutique.ch\/wp-content\/uploads\/2022\/03\/dacosta-600x800.jpeg 600w\" sizes=\"auto, (max-width: 768px) 100vw, 768px\" \/>                        <\/div>\n                        <div class=\"card--body\">\n                            <div class=\"title--container\">\n                                <div class=\"logo--container\">\n\n\n                                                                        <img decoding=\"async\" src=\"\" alt=\"\" class=\"logo\">\n                                <\/div>\n                                <div class=\"name--container\">\n                                    <p class=\"title\">\n                                        Da Costa, Paula &#8211; Prilly                                    <\/p>\n                                <\/div>\n                            <\/div>\n                            <div class=\"content--container\">\n                                <p class=\"exercpt\">\n                                    &#8222;Ich danke Elegance Boutique f\u00fcr die Beratung und die Zeit, die sie mir f\u00fcr die Schulung zur Verf\u00fcgung gestellt haben. Ich habe ein 808nm Laser Diode Ger\u00e4t gekauft und freue mich darauf, es meinen Kundinnen anzubieten!&#8220;                                <\/p>\n                                <p class=\"author\">\n                                    Da Costa, Paula &#8211; Prilly                                <\/p>\n                            <\/div>\n\n                        <\/div>\n                    <\/div>\n                                <div class=\"card--testimony\">\n                        <div class=\"card--header\">\n                            <img loading=\"lazy\" decoding=\"async\" width=\"1536\" height=\"2048\" src=\"https:\/\/www.elegance-boutique.ch\/wp-content\/uploads\/2022\/03\/Temoignage-laser-diode.jpeg\" class=\"attachment-post-thumbnail size-post-thumbnail wp-post-image\" alt=\"\" srcset=\"https:\/\/www.elegance-boutique.ch\/wp-content\/uploads\/2022\/03\/Temoignage-laser-diode.jpeg 1536w, https:\/\/www.elegance-boutique.ch\/wp-content\/uploads\/2022\/03\/Temoignage-laser-diode-225x300.jpeg 225w, https:\/\/www.elegance-boutique.ch\/wp-content\/uploads\/2022\/03\/Temoignage-laser-diode-768x1024.jpeg 768w, https:\/\/www.elegance-boutique.ch\/wp-content\/uploads\/2022\/03\/Temoignage-laser-diode-1152x1536.jpeg 1152w, https:\/\/www.elegance-boutique.ch\/wp-content\/uploads\/2022\/03\/Temoignage-laser-diode-600x800.jpeg 600w\" sizes=\"auto, (max-width: 1536px) 100vw, 1536px\" \/>                        <\/div>\n                        <div class=\"card--body\">\n                            <div class=\"title--container\">\n                                <div class=\"logo--container\">\n\n\n                                                                        <img decoding=\"async\" src=\"\" alt=\"\" class=\"logo\">\n                                <\/div>\n                                <div class=\"name--container\">\n                                    <p class=\"title\">\n                                        Institut sortil\u00e8ge                                    <\/p>\n                                <\/div>\n                            <\/div>\n                            <div class=\"content--container\">\n                                <p class=\"exercpt\">\n                                    &#8222;Ich bin mehr als zufrieden mit meinem 808nm Diodenlaser. Da ich seit Juni 2021 damit arbeite, konnte ich bereits sehr gute R\u00fcckmeldungen von Kundinnen erhalten. Ich kann \u00c9l\u00e9gance boutique nur weiterempfehlen. Vielen Dank f\u00fcr Ihre Professionalit\u00e4t.&#8220;                                <\/p>\n                                <p class=\"author\">\n                                    C\u00e9cile Werro, Montagny                                <\/p>\n                            <\/div>\n\n                        <\/div>\n                    <\/div>\n                                <div class=\"card--testimony\">\n                        <div class=\"card--header\">\n                            <img loading=\"lazy\" decoding=\"async\" width=\"1536\" height=\"2048\" src=\"https:\/\/www.elegance-boutique.ch\/wp-content\/uploads\/2022\/03\/Temoignagne-Shape-institut-reflet-de-soi.jpeg\" class=\"attachment-post-thumbnail size-post-thumbnail wp-post-image\" alt=\"\" srcset=\"https:\/\/www.elegance-boutique.ch\/wp-content\/uploads\/2022\/03\/Temoignagne-Shape-institut-reflet-de-soi.jpeg 1536w, https:\/\/www.elegance-boutique.ch\/wp-content\/uploads\/2022\/03\/Temoignagne-Shape-institut-reflet-de-soi-225x300.jpeg 225w, https:\/\/www.elegance-boutique.ch\/wp-content\/uploads\/2022\/03\/Temoignagne-Shape-institut-reflet-de-soi-768x1024.jpeg 768w, https:\/\/www.elegance-boutique.ch\/wp-content\/uploads\/2022\/03\/Temoignagne-Shape-institut-reflet-de-soi-1152x1536.jpeg 1152w, https:\/\/www.elegance-boutique.ch\/wp-content\/uploads\/2022\/03\/Temoignagne-Shape-institut-reflet-de-soi-600x800.jpeg 600w\" sizes=\"auto, (max-width: 1536px) 100vw, 1536px\" \/>                        <\/div>\n                        <div class=\"card--body\">\n                            <div class=\"title--container\">\n                                <div class=\"logo--container\">\n\n\n                                                                        <img decoding=\"async\" src=\"\" alt=\"\" class=\"logo\">\n                                <\/div>\n                                <div class=\"name--container\">\n                                    <p class=\"title\">\n                                        Institut Reflet de Soi                                    <\/p>\n                                <\/div>\n                            <\/div>\n                            <div class=\"content--container\">\n                                <p class=\"exercpt\">\n                                                                    <\/p>\n                                <p class=\"author\">\n                                    V\u00e9ronique Meylan, Bretigny-sur-Morrens                                <\/p>\n                            <\/div>\n\n                        <\/div>\n                    <\/div>\n                    <\/div>\n\n                <div class=\"testimony--slider\" style=\"--testimony_count:3\">\n            <div class=\"slide-track\">\n                                                            <div class=\"slide\">\n                                                        <img decoding=\"async\" src=\"\" alt=\"\">\n                        <\/div>\n                                            <div class=\"slide\">\n                                                        <img decoding=\"async\" src=\"\" alt=\"\">\n                        <\/div>\n                                            <div class=\"slide\">\n                                                        <img decoding=\"async\" src=\"\" alt=\"\">\n                        <\/div>\n                                                                <div class=\"slide\">\n                                                        <img decoding=\"async\" src=\"\" alt=\"\">\n                        <\/div>\n                                            <div class=\"slide\">\n                                                        <img decoding=\"async\" src=\"\" alt=\"\">\n                        <\/div>\n                                            <div class=\"slide\">\n                                                        <img decoding=\"async\" src=\"\" alt=\"\">\n                        <\/div>\n                                        \n                            <\/div>\n        <\/div>\n    <\/div>\n<\/section>\n\n<div class=\"icones--services\">\n  <div class=\"icones--grid container\">\n            <div class=\"items-icones\">\n                    <img decoding=\"async\" src=\"https:\/\/www.elegance-boutique.ch\/wp-content\/uploads\/2022\/02\/formation.svg\" alt=\"\">\n                    <h2>Ausbildung Inklusive<\/h2>\n        <\/div>\n            <div class=\"items-icones\">\n                    <img decoding=\"async\" src=\"https:\/\/www.elegance-boutique.ch\/wp-content\/uploads\/2022\/02\/livraison.svg\" alt=\"\">\n                    <h2>Kostenlose Lieferung<\/h2>\n        <\/div>\n            <div class=\"items-icones\">\n                    <img decoding=\"async\" src=\"https:\/\/www.elegance-boutique.ch\/wp-content\/uploads\/2022\/02\/installation.svg\" alt=\"\">\n                    <h2>Angebotene Installation<\/h2>\n        <\/div>\n            <div class=\"items-icones\">\n                    <img decoding=\"async\" src=\"https:\/\/www.elegance-boutique.ch\/wp-content\/uploads\/2022\/02\/service-vente.svg\" alt=\"\">\n                    <h2>Service nach dem Verkauf<\/h2>\n        <\/div>\n            <div class=\"items-icones\">\n                    <img decoding=\"async\" src=\"https:\/\/www.elegance-boutique.ch\/wp-content\/uploads\/2022\/02\/garantie.svg\" alt=\"\">\n                    <h2>2 Jahre Werksgarantie<\/h2>\n        <\/div>\n      <\/div>\n<\/div>\n\n<section class=\"banner\">\n    <div class=\"banner--grid\">\n        <div class=\"img--container\">\n                        <img decoding=\"async\" src=\"https:\/\/www.elegance-boutique.ch\/wp-content\/uploads\/2022\/09\/logo-victoria-vynn-white.png\" alt=\"\">\n        <\/div>\n        <div class=\"txt--container\">\n            <p class=\"content\">\n                Augmentez votre offre de soins avec notre partenaire sp\u00e9cialis\u00e9 dans les produits pour onglerie.            <\/p>\n                            <!-- <button > -->\n                <a class=\"btn--solid btn--white w-arrow\" href=\"https:\/\/elegance-beauty.ch\/\" target=\"_blank\">\n                    Weiter zu Elegance Beauty &#8211; Unser Partner Victoria Vynn in der Schweiz                <\/a>\n                <!-- <\/button> -->\n                    <\/div>\n    <\/div>\n<\/section>\n\n<section class=\"banner\">\n    <div class=\"banner--grid\">\n        <div class=\"img--container\">\n                        <img decoding=\"async\" src=\"\" alt=\"\">\n        <\/div>\n        <div class=\"txt--container\">\n            <p class=\"content\">\n                Heben Sie sich mit der O-LRNIS-Schulung als f\u00fchrende Kosmetikerin hervor.            <\/p>\n                            <!-- <button > -->\n                <a class=\"btn--solid btn--white w-arrow\" href=\"https:\/\/www.elegance-studio.ch\/\" target=\"_blank\">\n                    Zugang zu Elegance Studio                <\/a>\n                <!-- <\/button> -->\n                    <\/div>\n    <\/div>\n<\/section>","protected":false},"excerpt":{"rendered":"","protected":false},"author":1,"featured_media":2144,"parent":0,"menu_order":0,"comment_status":"closed","ping_status":"open","template":"","meta":{"inline_featured_image":false,"_joinchat":[],"footnotes":""},"class_list":["post-2188","page","type-page","status-publish","has-post-thumbnail","hentry"],"acf":[],"yoast_head":"<!-- This site is optimized with the Yoast SEO plugin v25.0 - https:\/\/yoast.com\/wordpress\/plugins\/seo\/ -->\n<title>Kosmetikger\u00e4te f\u00fcr Institute - Elegance Boutique<\/title>\n<meta name=\"description\" content=\"Entdecken Sie unsere Sch\u00f6nheitsger\u00e4te f\u00fcr Institute. Shape SX6 Schlankheitsmaschine, Diodenlaser-Haarentfernung, Body Sculpt BS-2 und viele andere.\" \/>\n<meta name=\"robots\" content=\"index, follow, max-snippet:-1, max-image-preview:large, max-video-preview:-1\" \/>\n<link rel=\"canonical\" href=\"https:\/\/www.elegance-boutique.ch\/de\/\" \/>\n<meta property=\"og:locale\" content=\"de_DE\" \/>\n<meta property=\"og:type\" content=\"article\" \/>\n<meta property=\"og:title\" content=\"Kosmetikger\u00e4te f\u00fcr Institute - Elegance Boutique\" \/>\n<meta property=\"og:description\" content=\"Entdecken Sie unsere Sch\u00f6nheitsger\u00e4te f\u00fcr Institute. Shape SX6 Schlankheitsmaschine, Diodenlaser-Haarentfernung, Body Sculpt BS-2 und viele andere.\" \/>\n<meta property=\"og:url\" content=\"https:\/\/www.elegance-boutique.ch\/de\/\" \/>\n<meta property=\"og:site_name\" content=\"Elegance Boutique\" \/>\n<meta property=\"article:publisher\" content=\"https:\/\/www.facebook.com\/EleganceBoutiqueSwiss\" \/>\n<meta property=\"article:modified_time\" content=\"2025-10-14T13:17:13+00:00\" \/>\n<meta property=\"og:image\" content=\"https:\/\/elegance-boutique.ch\/wp-content\/uploads\/2022\/03\/Logo-EB-v5-Horizontal.png\" \/>\n<meta name=\"twitter:card\" content=\"summary_large_image\" \/>\n<meta name=\"twitter:image\" content=\"https:\/\/elegance-boutique.ch\/wp-content\/uploads\/2022\/03\/Logo-EB-v5-Horizontal.png\" \/>\n<meta name=\"twitter:label1\" content=\"Gesch\u00e4tzte Lesezeit\" \/>\n\t<meta name=\"twitter:data1\" content=\"1\u00a0Minute\" \/>\n<script type=\"application\/ld+json\" class=\"yoast-schema-graph\">{\"@context\":\"https:\/\/schema.org\",\"@graph\":[{\"@type\":\"WebPage\",\"@id\":\"https:\/\/www.elegance-boutique.ch\/de\/\",\"url\":\"https:\/\/www.elegance-boutique.ch\/de\/\",\"name\":\"Kosmetikger\u00e4te f\u00fcr Institute - Elegance Boutique\",\"isPartOf\":{\"@id\":\"https:\/\/www.elegance-boutique.ch\/de\/#website\"},\"primaryImageOfPage\":{\"@id\":\"https:\/\/www.elegance-boutique.ch\/de\/#primaryimage\"},\"image\":{\"@id\":\"https:\/\/www.elegance-boutique.ch\/de\/#primaryimage\"},\"thumbnailUrl\":\"https:\/\/www.elegance-boutique.ch\/wp-content\/uploads\/2022\/03\/cropped-Logo-EB-favicon.jpg\",\"datePublished\":\"2022-01-21T11:38:03+00:00\",\"dateModified\":\"2025-10-14T13:17:13+00:00\",\"description\":\"Entdecken Sie unsere Sch\u00f6nheitsger\u00e4te f\u00fcr Institute. Shape SX6 Schlankheitsmaschine, Diodenlaser-Haarentfernung, Body Sculpt BS-2 und viele andere.\",\"breadcrumb\":{\"@id\":\"https:\/\/www.elegance-boutique.ch\/de\/#breadcrumb\"},\"inLanguage\":\"de\",\"potentialAction\":[{\"@type\":\"ReadAction\",\"target\":[\"https:\/\/www.elegance-boutique.ch\/de\/\"]}]},{\"@type\":\"ImageObject\",\"inLanguage\":\"de\",\"@id\":\"https:\/\/www.elegance-boutique.ch\/de\/#primaryimage\",\"url\":\"https:\/\/www.elegance-boutique.ch\/wp-content\/uploads\/2022\/03\/cropped-Logo-EB-favicon.jpg\",\"contentUrl\":\"https:\/\/www.elegance-boutique.ch\/wp-content\/uploads\/2022\/03\/cropped-Logo-EB-favicon.jpg\",\"width\":512,\"height\":512},{\"@type\":\"BreadcrumbList\",\"@id\":\"https:\/\/www.elegance-boutique.ch\/de\/#breadcrumb\",\"itemListElement\":[{\"@type\":\"ListItem\",\"position\":1,\"name\":\"Accueil\",\"item\":\"https:\/\/www.elegance-boutique.ch\/de\/\"},{\"@type\":\"ListItem\",\"position\":2,\"name\":\"Home\"}]},{\"@type\":\"WebSite\",\"@id\":\"https:\/\/www.elegance-boutique.ch\/de\/#website\",\"url\":\"https:\/\/www.elegance-boutique.ch\/de\/\",\"name\":\"Elegance Boutique\",\"description\":\"Appareils esth\u00e9tiques professionnels\",\"publisher\":{\"@id\":\"https:\/\/www.elegance-boutique.ch\/de\/#organization\"},\"potentialAction\":[{\"@type\":\"SearchAction\",\"target\":{\"@type\":\"EntryPoint\",\"urlTemplate\":\"https:\/\/www.elegance-boutique.ch\/de\/?s={search_term_string}\"},\"query-input\":{\"@type\":\"PropertyValueSpecification\",\"valueRequired\":true,\"valueName\":\"search_term_string\"}}],\"inLanguage\":\"de\"},{\"@type\":\"Organization\",\"@id\":\"https:\/\/www.elegance-boutique.ch\/de\/#organization\",\"name\":\"Elegance Boutique\",\"url\":\"https:\/\/www.elegance-boutique.ch\/de\/\",\"logo\":{\"@type\":\"ImageObject\",\"inLanguage\":\"de\",\"@id\":\"https:\/\/www.elegance-boutique.ch\/de\/#\/schema\/logo\/image\/\",\"url\":\"https:\/\/www.elegance-boutique.ch\/wp-content\/uploads\/2022\/03\/Logo-EB-v5-Horizontal.png\",\"contentUrl\":\"https:\/\/www.elegance-boutique.ch\/wp-content\/uploads\/2022\/03\/Logo-EB-v5-Horizontal.png\",\"width\":1415,\"height\":283,\"caption\":\"Elegance Boutique\"},\"image\":{\"@id\":\"https:\/\/www.elegance-boutique.ch\/de\/#\/schema\/logo\/image\/\"},\"sameAs\":[\"https:\/\/www.facebook.com\/EleganceBoutiqueSwiss\",\"https:\/\/www.linkedin.com\/company\/elegance-boutique-esthetique-professionnelle\/\"]}]}<\/script>\n<!-- \/ Yoast SEO plugin. -->","yoast_head_json":{"title":"Kosmetikger\u00e4te f\u00fcr Institute - Elegance Boutique","description":"Entdecken Sie unsere Sch\u00f6nheitsger\u00e4te f\u00fcr Institute. Shape SX6 Schlankheitsmaschine, Diodenlaser-Haarentfernung, Body Sculpt BS-2 und viele andere.","robots":{"index":"index","follow":"follow","max-snippet":"max-snippet:-1","max-image-preview":"max-image-preview:large","max-video-preview":"max-video-preview:-1"},"canonical":"https:\/\/www.elegance-boutique.ch\/de\/","og_locale":"de_DE","og_type":"article","og_title":"Kosmetikger\u00e4te f\u00fcr Institute - Elegance Boutique","og_description":"Entdecken Sie unsere Sch\u00f6nheitsger\u00e4te f\u00fcr Institute. Shape SX6 Schlankheitsmaschine, Diodenlaser-Haarentfernung, Body Sculpt BS-2 und viele andere.","og_url":"https:\/\/www.elegance-boutique.ch\/de\/","og_site_name":"Elegance Boutique","article_publisher":"https:\/\/www.facebook.com\/EleganceBoutiqueSwiss","article_modified_time":"2025-10-14T13:17:13+00:00","og_image":[{"url":"https:\/\/elegance-boutique.ch\/wp-content\/uploads\/2022\/03\/Logo-EB-v5-Horizontal.png","type":"","width":"","height":""}],"twitter_card":"summary_large_image","twitter_image":"https:\/\/elegance-boutique.ch\/wp-content\/uploads\/2022\/03\/Logo-EB-v5-Horizontal.png","twitter_misc":{"Gesch\u00e4tzte Lesezeit":"1\u00a0Minute"},"schema":{"@context":"https:\/\/schema.org","@graph":[{"@type":"WebPage","@id":"https:\/\/www.elegance-boutique.ch\/de\/","url":"https:\/\/www.elegance-boutique.ch\/de\/","name":"Kosmetikger\u00e4te f\u00fcr Institute - Elegance Boutique","isPartOf":{"@id":"https:\/\/www.elegance-boutique.ch\/de\/#website"},"primaryImageOfPage":{"@id":"https:\/\/www.elegance-boutique.ch\/de\/#primaryimage"},"image":{"@id":"https:\/\/www.elegance-boutique.ch\/de\/#primaryimage"},"thumbnailUrl":"https:\/\/www.elegance-boutique.ch\/wp-content\/uploads\/2022\/03\/cropped-Logo-EB-favicon.jpg","datePublished":"2022-01-21T11:38:03+00:00","dateModified":"2025-10-14T13:17:13+00:00","description":"Entdecken Sie unsere Sch\u00f6nheitsger\u00e4te f\u00fcr Institute. Shape SX6 Schlankheitsmaschine, Diodenlaser-Haarentfernung, Body Sculpt BS-2 und viele andere.","breadcrumb":{"@id":"https:\/\/www.elegance-boutique.ch\/de\/#breadcrumb"},"inLanguage":"de","potentialAction":[{"@type":"ReadAction","target":["https:\/\/www.elegance-boutique.ch\/de\/"]}]},{"@type":"ImageObject","inLanguage":"de","@id":"https:\/\/www.elegance-boutique.ch\/de\/#primaryimage","url":"https:\/\/www.elegance-boutique.ch\/wp-content\/uploads\/2022\/03\/cropped-Logo-EB-favicon.jpg","contentUrl":"https:\/\/www.elegance-boutique.ch\/wp-content\/uploads\/2022\/03\/cropped-Logo-EB-favicon.jpg","width":512,"height":512},{"@type":"BreadcrumbList","@id":"https:\/\/www.elegance-boutique.ch\/de\/#breadcrumb","itemListElement":[{"@type":"ListItem","position":1,"name":"Accueil","item":"https:\/\/www.elegance-boutique.ch\/de\/"},{"@type":"ListItem","position":2,"name":"Home"}]},{"@type":"WebSite","@id":"https:\/\/www.elegance-boutique.ch\/de\/#website","url":"https:\/\/www.elegance-boutique.ch\/de\/","name":"Elegance Boutique","description":"Appareils esth\u00e9tiques professionnels","publisher":{"@id":"https:\/\/www.elegance-boutique.ch\/de\/#organization"},"potentialAction":[{"@type":"SearchAction","target":{"@type":"EntryPoint","urlTemplate":"https:\/\/www.elegance-boutique.ch\/de\/?s={search_term_string}"},"query-input":{"@type":"PropertyValueSpecification","valueRequired":true,"valueName":"search_term_string"}}],"inLanguage":"de"},{"@type":"Organization","@id":"https:\/\/www.elegance-boutique.ch\/de\/#organization","name":"Elegance Boutique","url":"https:\/\/www.elegance-boutique.ch\/de\/","logo":{"@type":"ImageObject","inLanguage":"de","@id":"https:\/\/www.elegance-boutique.ch\/de\/#\/schema\/logo\/image\/","url":"https:\/\/www.elegance-boutique.ch\/wp-content\/uploads\/2022\/03\/Logo-EB-v5-Horizontal.png","contentUrl":"https:\/\/www.elegance-boutique.ch\/wp-content\/uploads\/2022\/03\/Logo-EB-v5-Horizontal.png","width":1415,"height":283,"caption":"Elegance Boutique"},"image":{"@id":"https:\/\/www.elegance-boutique.ch\/de\/#\/schema\/logo\/image\/"},"sameAs":["https:\/\/www.facebook.com\/EleganceBoutiqueSwiss","https:\/\/www.linkedin.com\/company\/elegance-boutique-esthetique-professionnelle\/"]}]}},"_links":{"self":[{"href":"https:\/\/www.elegance-boutique.ch\/de\/wp-json\/wp\/v2\/pages\/2188","targetHints":{"allow":["GET"]}}],"collection":[{"href":"https:\/\/www.elegance-boutique.ch\/de\/wp-json\/wp\/v2\/pages"}],"about":[{"href":"https:\/\/www.elegance-boutique.ch\/de\/wp-json\/wp\/v2\/types\/page"}],"author":[{"embeddable":true,"href":"https:\/\/www.elegance-boutique.ch\/de\/wp-json\/wp\/v2\/users\/1"}],"replies":[{"embeddable":true,"href":"https:\/\/www.elegance-boutique.ch\/de\/wp-json\/wp\/v2\/comments?post=2188"}],"version-history":[{"count":130,"href":"https:\/\/www.elegance-boutique.ch\/de\/wp-json\/wp\/v2\/pages\/2188\/revisions"}],"predecessor-version":[{"id":5881,"href":"https:\/\/www.elegance-boutique.ch\/de\/wp-json\/wp\/v2\/pages\/2188\/revisions\/5881"}],"wp:featuredmedia":[{"embeddable":true,"href":"https:\/\/www.elegance-boutique.ch\/de\/wp-json\/wp\/v2\/media\/2144"}],"wp:attachment":[{"href":"https:\/\/www.elegance-boutique.ch\/de\/wp-json\/wp\/v2\/media?parent=2188"}],"curies":[{"name":"wp","href":"https:\/\/api.w.org\/{rel}","templated":true}]}}